{"version":"1.0","provider_name":"Patrick Autr\u00e9aux","provider_url":"https:\/\/www.patrickautreaux.fr\/en","author_name":"Patrick Autr\u00e9aux","author_url":"https:\/\/www.patrickautreaux.fr\/en\/author\/patrick-autreaux\/","title":"A propos ... du printemps de Thierry Thie\u00fb Niang &#8212; Patrick Autr\u00e9aux","type":"rich","width":600,"height":338,"html":"<blockquote class=\"wp-embedded-content\" data-secret=\"BKEld6mTRe\"><a href=\"https:\/\/www.patrickautreaux.fr\/en\/publications\/a-propos-du-printemps-de-thierry-thieu-niang\/\">A propos &#8230; du printemps de Thierry Thie\u00fb Niang<\/a><\/blockquote><iframe sandbox=\"allow-scripts\" security=\"restricted\" src=\"https:\/\/www.patrickautreaux.fr\/en\/publications\/a-propos-du-printemps-de-thierry-thieu-niang\/embed\/#?secret=BKEld6mTRe\" width=\"600\" height=\"338\" title=\"&#8220;A propos &#8230; du printemps de Thierry Thie\u00fb Niang&#8221; &#8212; Patrick Autr\u00e9aux\" data-secret=\"BKEld6mTRe\" frameborder=\"0\" marginwidth=\"0\" marginheight=\"0\" scrolling=\"no\" class=\"wp-embedded-content\"><\/iframe><script type=\"text\/javascript\">\n\/* <![CDATA[ *\/\n\/*! This file is auto-generated *\/\n!function(d,l){\"use strict\";l.querySelector&&d.addEventListener&&\"undefined\"!=typeof URL&&(d.wp=d.wp||{},d.wp.receiveEmbedMessage||(d.wp.receiveEmbedMessage=function(e){var t=e.data;if((t||t.secret||t.message||t.value)&&!\/[^a-zA-Z0-9]\/.test(t.secret)){for(var s,r,n,a=l.querySelectorAll('iframe[data-secret=\"'+t.secret+'\"]'),o=l.querySelectorAll('blockquote[data-secret=\"'+t.secret+'\"]'),c=new RegExp(\"^https?:$\",\"i\"),i=0;i<o.length;i++)o[i].style.display=\"none\";for(i=0;i<a.length;i++)s=a[i],e.source===s.contentWindow&&(s.removeAttribute(\"style\"),\"height\"===t.message?(1e3<(r=parseInt(t.value,10))?r=1e3:~~r<200&&(r=200),s.height=r):\"link\"===t.message&&(r=new URL(s.getAttribute(\"src\")),n=new URL(t.value),c.test(n.protocol))&&n.host===r.host&&l.activeElement===s&&(d.top.location.href=t.value))}},d.addEventListener(\"message\",d.wp.receiveEmbedMessage,!1),l.addEventListener(\"DOMContentLoaded\",function(){for(var e,t,s=l.querySelectorAll(\"iframe.wp-embedded-content\"),r=0;r<s.length;r++)(t=(e=s[r]).getAttribute(\"data-secret\"))||(t=Math.random().toString(36).substring(2,12),e.src+=\"#?secret=\"+t,e.setAttribute(\"data-secret\",t)),e.contentWindow.postMessage({message:\"ready\",secret:t},\"*\")},!1)))}(window,document);\n\/* ]]> *\/\n<\/script>\n","thumbnail_url":"https:\/\/www.patrickautreaux.fr\/en\/wp-content\/uploads\/2015\/06\/Blake.jpeg","thumbnail_width":191,"thumbnail_height":264,"description":"Une lecture, un po\u00e8me Voler boiter, actes du colloque-\u00e9v\u00e9nement Participa(c)tion, Mac\/Val, 6-8 d\u00e9cembre 2013 \u2026 Voici ce que j\u2019ai vu. Un nid d\u2019araign\u00e9es humaines tomb\u00e9es du perchoir de leurs r\u00f4les et assignations, ces id\u00e9es fixes qui filent la mort en nous. Araign\u00e9es sid\u00e9r\u00e9es, d\u00e9rout\u00e9es, qui s\u2019\u00e9lancent une \u00e0 une. L\u2019infatigable collier du temps les circonscrit [&hellip;]"}