{"version":"1.0","provider_name":"Patrick Autr\u00e9aux","provider_url":"https:\/\/www.patrickautreaux.fr\/en","author_name":"Patrick Autr\u00e9aux","author_url":"https:\/\/www.patrickautreaux.fr\/en\/author\/patrick-autreaux\/","title":"La Voix \u00e9crite &#8212; Patrick Autr\u00e9aux","type":"rich","width":600,"height":338,"html":"<blockquote class=\"wp-embedded-content\" data-secret=\"m6iId43Wee\"><a href=\"https:\/\/www.patrickautreaux.fr\/en\/publications\/la-voix-ecrite\/\">La Voix \u00e9crite<\/a><\/blockquote><iframe sandbox=\"allow-scripts\" security=\"restricted\" src=\"https:\/\/www.patrickautreaux.fr\/en\/publications\/la-voix-ecrite\/embed\/#?secret=m6iId43Wee\" width=\"600\" height=\"338\" title=\"&#8220;La Voix \u00e9crite&#8221; &#8212; Patrick Autr\u00e9aux\" data-secret=\"m6iId43Wee\" frameborder=\"0\" marginwidth=\"0\" marginheight=\"0\" scrolling=\"no\" class=\"wp-embedded-content\"><\/iframe><script type=\"text\/javascript\">\n\/* <![CDATA[ *\/\n\/*! This file is auto-generated *\/\n!function(d,l){\"use strict\";l.querySelector&&d.addEventListener&&\"undefined\"!=typeof URL&&(d.wp=d.wp||{},d.wp.receiveEmbedMessage||(d.wp.receiveEmbedMessage=function(e){var t=e.data;if((t||t.secret||t.message||t.value)&&!\/[^a-zA-Z0-9]\/.test(t.secret)){for(var s,r,n,a=l.querySelectorAll('iframe[data-secret=\"'+t.secret+'\"]'),o=l.querySelectorAll('blockquote[data-secret=\"'+t.secret+'\"]'),c=new RegExp(\"^https?:$\",\"i\"),i=0;i<o.length;i++)o[i].style.display=\"none\";for(i=0;i<a.length;i++)s=a[i],e.source===s.contentWindow&&(s.removeAttribute(\"style\"),\"height\"===t.message?(1e3<(r=parseInt(t.value,10))?r=1e3:~~r<200&&(r=200),s.height=r):\"link\"===t.message&&(r=new URL(s.getAttribute(\"src\")),n=new URL(t.value),c.test(n.protocol))&&n.host===r.host&&l.activeElement===s&&(d.top.location.href=t.value))}},d.addEventListener(\"message\",d.wp.receiveEmbedMessage,!1),l.addEventListener(\"DOMContentLoaded\",function(){for(var e,t,s=l.querySelectorAll(\"iframe.wp-embedded-content\"),r=0;r<s.length;r++)(t=(e=s[r]).getAttribute(\"data-secret\"))||(t=Math.random().toString(36).substring(2,12),e.src+=\"#?secret=\"+t,e.setAttribute(\"data-secret\",t)),e.contentWindow.postMessage({message:\"ready\",secret:t},\"*\")},!1)))}(window,document);\n\/* ]]> *\/\n<\/script>\n","thumbnail_url":"https:\/\/www.patrickautreaux.fr\/en\/wp-content\/uploads\/2016\/11\/la_voix_ecrite_cmjn.jpg","thumbnail_width":1654,"thumbnail_height":2598,"description":"La Voix \u00e9crite retrace un cheminement entre m\u00e9decine et \u00e9criture, accompagn\u00e9 par l\u2019amiti\u00e9 d\u2019un vieil homme. Une cartographie intime qui n\u2019est pas sans rappeler les r\u00e9cits autobiographiques des auteurs spirituels. Interrogeant le r\u00f4le possible de la litt\u00e9rature dans les temps incertains, ce r\u00e9cit sonde ce qui y r\u00e9siste et nous soutient, et suit les t\u00e2tonnements [&hellip;]"}